{"id":4215,"date":"2012-07-18T16:41:18","date_gmt":"2012-07-18T15:41:18","guid":{"rendered":"http:\/\/www.disfrutalapalma.com\/?page_id=4215"},"modified":"2012-10-01T01:28:22","modified_gmt":"2012-10-01T00:28:22","slug":"m%c3%a4rkte","status":"publish","type":"page","link":"https:\/\/www.disfrutalapalma.com\/de\/kultur-guide\/m%c3%a4rkte\/","title":{"rendered":"M\u00e4rkte"},"content":{"rendered":"<div style=\"border: #CCC 1px solid; padding:10px;margin-bottom:15px;padding-bottom:6px;\"><img loading=\"lazy\" decoding=\"async\" src=\"http:\/\/www.disfrutalapalma.com\/wp-content\/associated-posts\/culturaeintrag1\/interess_aktiv20.gif\" width=\"20\" height=\"20\" alt=\"Lugares de inter\u00e9s\" style=\"margin-right:3px;\"\/>Sehensw\u00fcrdigkeiten<img loading=\"lazy\" decoding=\"async\" src=\"http:\/\/www.disfrutalapalma.com\/wp-content\/associated-posts\/culturaeintrag1\/arte_aktiv20.gif\" width=\"20\" height=\"20\" alt=\"Centros artesan\u00eda\" style=\"margin-right:3px;margin-left:10px;\"\/>Kunsthandwerk<img loading=\"lazy\" decoding=\"async\" src=\"http:\/\/www.disfrutalapalma.com\/wp-content\/associated-posts\/culturaeintrag1\/bodegas_aktiv20.gif\" width=\"20\" height=\"20\" alt=\"Bodegas\" style=\"margin-right:3px;margin-left:10px;\"\/>Bodegas<img loading=\"lazy\" decoding=\"async\" src=\"http:\/\/www.disfrutalapalma.com\/wp-content\/associated-posts\/culturaeintrag1\/mercado_aktiv20.gif\" width=\"20\" height=\"20\" alt=\"Mercadillos\" style=\"margin-right:3px;margin-left:10px;\"\/>M\u00e4rkte<img loading=\"lazy\" decoding=\"async\" src=\"http:\/\/www.disfrutalapalma.com\/wp-content\/associated-posts\/culturaeintrag1\/fiesta_aktiv20.gif\" width=\"20\" height=\"20\" alt=\"Fiestas\" style=\"margin-right:3px;margin-left:10px;\"\/>Feste<img loading=\"lazy\" decoding=\"async\" src=\"http:\/\/www.disfrutalapalma.com\/wp-content\/associated-posts\/culturaeintrag1\/museo_aktiv20.gif\" width=\"20\" height=\"20\" alt=\"Museos\" style=\"margin-right:3px;margin-left:10px;\"\/>Museen\n<\/div>\n<div class=\"associated-posts title-full-content\"><div class=\"associated-post\"><h2 class=\"post-title\"><a href=\"https:\/\/www.disfrutalapalma.com\/de\/cultura\/mercado-markthalle-los-llanos-2\/\" title=\"Mercado | Markthalle LOS LLANOS\">Mercado | Markthalle LOS LLANOS<\/a><\/h2><div class=\"post-content\"><div class=\"associated-posts title-full-content\"><\/div><\/div><\/div><div class=\"associated-post\"><h2 class=\"post-title\"><a href=\"https:\/\/www.disfrutalapalma.com\/de\/cultura\/mercadillo-markt-san-andres-y-sauces-2\/\" title=\"Mercadillo | Markt SAN ANDR\u00c9S Y SAUCES\">Mercadillo | Markt SAN ANDR\u00c9S Y SAUCES<\/a><\/h2><div class=\"post-content\"><div class=\"associated-posts title-full-content\"><\/div><\/div><\/div><div class=\"associated-post\"><h2 class=\"post-title\"><a href=\"https:\/\/www.disfrutalapalma.com\/de\/cultura\/rastro-flohmarkt-los-llanos-2\/\" title=\"Rastro | Flohmarkt LOS LLANOS\">Rastro | Flohmarkt LOS LLANOS<\/a><\/h2><div class=\"post-content\"><div class=\"associated-posts title-full-content\"><\/div><\/div><\/div><div class=\"associated-post\"><h2 class=\"post-title\"><a href=\"https:\/\/www.disfrutalapalma.com\/de\/cultura\/mercadillo-wochenmarkt-los-llanos-2\/\" title=\"Mercadillo | Wochenmarkt LOS LLANOS\">Mercadillo | Wochenmarkt LOS LLANOS<\/a><\/h2><div class=\"post-content\"><div class=\"associated-posts title-full-content\"><\/div><\/div><\/div><div class=\"associated-post\"><h2 class=\"post-title\"><a href=\"https:\/\/www.disfrutalapalma.com\/de\/cultura\/mercadillo-markt-barlovento-2\/\" title=\"Mercadillo | Markt BARLOVENTO\">Mercadillo | Markt BARLOVENTO<\/a><\/h2><div class=\"post-content\"><div class=\"associated-posts title-full-content\"><\/div><\/div><\/div><div class=\"associated-post\"><h2 class=\"post-title\"><a href=\"https:\/\/www.disfrutalapalma.com\/de\/cultura\/mercadillo-markt-villa-de-mazo\/\" title=\"Mercadillo | Markt VILLA DE MAZO\">Mercadillo | Markt VILLA DE MAZO<\/a><\/h2><div class=\"post-content\"><\/div><\/div><div class=\"associated-post\"><h2 class=\"post-title\"><a href=\"https:\/\/www.disfrutalapalma.com\/de\/cultura\/mercadillo-markthalle-puntagorda-2\/\" title=\"Mercadillo | Markthalle PUNTAGORDA\">Mercadillo | Markthalle PUNTAGORDA<\/a><\/h2><div class=\"post-content\"><div class=\"associated-posts title-full-content\"><\/div><\/div><\/div><div class=\"associated-post\"><h2 class=\"post-title\"><a href=\"https:\/\/www.disfrutalapalma.com\/de\/cultura\/mercadillo-markthalle-puntallana\/\" title=\"Mercadillo | Markthalle PUNTALLANA\">Mercadillo | Markthalle PUNTALLANA<\/a><\/h2><div class=\"post-content\"><\/div><\/div><div class=\"associated-post\"><h2 class=\"post-title\"><a href=\"https:\/\/www.disfrutalapalma.com\/de\/cultura\/mercadillo-markthalle-el-paso-2\/\" title=\"Mercadillo | Markthalle EL PASO\">Mercadillo | Markthalle EL PASO<\/a><\/h2><div class=\"post-content\"><\/div><\/div><div class=\"associated-post\"><h2 class=\"post-title\"><a href=\"https:\/\/www.disfrutalapalma.com\/de\/cultura\/mercadillo-rastro-markt-flohmarkt-finca-principal\/\" title=\"Mercadillo Rastro | Markt &#038; Flohmarkt FINCA PRINCIPAL\">Mercadillo Rastro | Markt &#038; Flohmarkt FINCA PRINCIPAL<\/a><\/h2><div class=\"post-content\"><\/div><\/div><div class=\"associated-post\"><h2 class=\"post-title\"><a href=\"https:\/\/www.disfrutalapalma.com\/de\/cultura\/mercadillo-rastro-flohmarkt-santa-cruz-de-la-palma-2\/\" title=\"Mercadillo Rastro | Flohmarkt SANTA CRUZ DE LA PALMA\">Mercadillo Rastro | Flohmarkt SANTA CRUZ DE LA PALMA<\/a><\/h2><div class=\"post-content\"><div class=\"associated-posts title-full-content\"><\/div><\/div><\/div><div class=\"associated-post\"><h2 class=\"post-title\"><a href=\"https:\/\/www.disfrutalapalma.com\/de\/cultura\/mercado-markthalle-santa-cruz-de-la-palma-2\/\" title=\"Mercado | Markthalle SANTA CRUZ DE LA PALMA\">Mercado | Markthalle SANTA CRUZ DE LA PALMA<\/a><\/h2><div class=\"post-content\"><div class=\"associated-posts title-full-content\"><\/div><\/div><\/div><div class=\"associated-post\"><h2 class=\"post-title\"><a href=\"https:\/\/www.disfrutalapalma.com\/de\/cultura\/mercadillo-markt-san-pedro-2\/\" title=\"Mercadillo | Markt SAN PEDRO\">Mercadillo | Markt SAN PEDRO<\/a><\/h2><div class=\"post-content\"><div class=\"associated-posts title-full-content\"><\/div><\/div><\/div><\/div>\n","protected":false},"excerpt":{"rendered":"<p>Sehensw\u00fcrdigkeitenKunsthandwerkBodegasM\u00e4rkteFesteMuseen Mercado | Markthalle LOS LLANOSMercadillo | Markt SAN ANDR\u00c9S Y SAUCESRastro | Flohmarkt LOS LLANOSMercadillo | Wochenmarkt LOS LLANOSMercadillo | Markt BARLOVENTOMercadillo | Markt VILLA DE MAZOMercadillo | Markthalle PUNTAGORDAMercadillo | Markthalle PUNTALLANAMercadillo | Markthalle EL PASOMercadillo Rastro | &hellip; <a href=\"https:\/\/www.disfrutalapalma.com\/de\/kultur-guide\/m%c3%a4rkte\/\">Weiterlesen <span class=\"meta-nav\">&rarr;<\/span><\/a><\/p>\n","protected":false},"author":3004,"featured_media":0,"parent":4207,"menu_order":179,"comment_status":"closed","ping_status":"closed","template":"","meta":{"_acf_changed":false,"footnotes":""},"class_list":["post-4215","page","type-page","status-publish","hentry"],"acf":[],"_links":{"self":[{"href":"https:\/\/www.disfrutalapalma.com\/de\/wp-json\/wp\/v2\/pages\/4215","targetHints":{"allow":["GET"]}}],"collection":[{"href":"https:\/\/www.disfrutalapalma.com\/de\/wp-json\/wp\/v2\/pages"}],"about":[{"href":"https:\/\/www.disfrutalapalma.com\/de\/wp-json\/wp\/v2\/types\/page"}],"author":[{"embeddable":true,"href":"https:\/\/www.disfrutalapalma.com\/de\/wp-json\/wp\/v2\/users\/3004"}],"replies":[{"embeddable":true,"href":"https:\/\/www.disfrutalapalma.com\/de\/wp-json\/wp\/v2\/comments?post=4215"}],"version-history":[{"count":4,"href":"https:\/\/www.disfrutalapalma.com\/de\/wp-json\/wp\/v2\/pages\/4215\/revisions"}],"predecessor-version":[{"id":7297,"href":"https:\/\/www.disfrutalapalma.com\/de\/wp-json\/wp\/v2\/pages\/4215\/revisions\/7297"}],"up":[{"embeddable":true,"href":"https:\/\/www.disfrutalapalma.com\/de\/wp-json\/wp\/v2\/pages\/4207"}],"wp:attachment":[{"href":"https:\/\/www.disfrutalapalma.com\/de\/wp-json\/wp\/v2\/media?parent=4215"}],"curies":[{"name":"wp","href":"https:\/\/api.w.org\/{rel}","templated":true}]}}